{"id":31435,"date":"2015-08-20T12:04:09","date_gmt":"2015-08-20T10:04:09","guid":{"rendered":"https:\/\/www.igmg.org\/?page_id=31435"},"modified":"2019-01-18T11:26:20","modified_gmt":"2019-01-18T10:26:20","slug":"feragatname","status":"publish","type":"page","link":"https:\/\/www.igmg.org\/tr\/feragatname\/","title":{"rendered":"Datenschutzerkl\u00e4rung"},"content":{"rendered":"<h1>1. Bir bak\u0131\u015fta veri g\u00fcvenli\u011fi<\/h1>\n<h2>Genel a\u00e7\u0131klamalar<\/h2>\n<p>A\u015fa\u011f\u0131daki a\u00e7\u0131klamalar, web sitemizi ziyaret etti\u011finizde ki\u015fisel verilerinizle ne yap\u0131ld\u0131\u011f\u0131na ili\u015fkin genel bir bak\u0131\u015f sunar. Ki\u015fisel veriler, sizin ki\u015fisel olarak tan\u0131mlanman\u0131z\u0131 sa\u011flayacak t\u00fcm verilerdir. Veri korumaya ili\u015fkin ayr\u0131nt\u0131l\u0131 bilgileri bu metnin alt\u0131nda yer alan veri koruma beyan\u0131nda bulabilirsiniz.<\/p>\n<h2>Web sitemizde verilerin toplanmas\u0131<\/h2>\n<h3>Bu web sitesinde verilerin toplanmas\u0131ndan sorumlu ki\u015fi kimdir?<\/h3>\n<p>Bu web sitesinde veri i\u015fleme faaliyetleri web sitesinin i\u015fleticisi taraf\u0131ndan y\u00fcr\u00fct\u00fcl\u00fcr. \u0130\u015fleticinin iletim bilgilerini bu web sitesinin k\u00fcnye ba\u015fl\u0131\u011f\u0131 alt\u0131nda bulabilirsiniz.<\/p>\n<h3>Verilerinizi nas\u0131l topluyoruz?<\/h3>\n<p>Verilerinizin bir k\u0131sm\u0131 sizin bunlar\u0131 bizimle payla\u015fman\u0131z sayesinde toplan\u0131r. Bu veriler \u00f6rne\u011fin ileti\u015fim formuna yazd\u0131\u011f\u0131n\u0131z bilgiler olabilir.<\/p>\n<p>Di\u011fer bilgiler ise web sitemizi ziyaretiniz s\u0131ras\u0131nda otomatik olarak IT sistemlerimiz taraf\u0131ndan toplan\u0131r. Bunlar her \u015feyden \u00f6nce teknik verilerdir (\u00f6r. internet taray\u0131c\u0131s\u0131, i\u015fletim sistemi veya sayfan\u0131n \u00e7a\u011fr\u0131ld\u0131\u011f\u0131 saat). Bu bilgiler web sitemize giri\u015f yapt\u0131\u011f\u0131n\u0131zda otomatik olarak toplan\u0131r.<\/p>\n<h3>Verilerinizi ne i\u00e7in kullan\u0131yoruz?<\/h3>\n<p>Verilerin bir k\u0131sm\u0131 web sitesinin hatas\u0131z bir \u015fekilde haz\u0131rlanmas\u0131n\u0131 sa\u011flamak i\u00e7in toplan\u0131r. Baz\u0131 veriler de kullan\u0131m tutumunuzun analiz edilmesi i\u00e7in kullan\u0131labilir.<br \/>\nAyn\u0131 \u015fekilde veriler pazar ara\u015ft\u0131rmas\u0131 ve reklam ama\u00e7lar\u0131na y\u00f6nelik olarak da toplanabilir.<\/p>\n<h3>Verilerinize ili\u015fkin olarak sahip oldu\u011funuz haklar nelerdir?<\/h3>\n<p>Her zaman \u00fccretsiz olarak kaydedilen ki\u015fisel verilerinizin kayna\u011f\u0131, al\u0131c\u0131s\u0131 ve amac\u0131na ili\u015fkin bilgi edinme hakk\u0131na sahipsiniz. Ayr\u0131ca bu bilgilerin d\u00fczeltilmesini, bloke edilmesini veya silinmesini talep etme hakk\u0131n\u0131z da bulunmaktad\u0131r. Buna konudaki veya veri koruma konusuna ili\u015fkin di\u011fer sorular\u0131n\u0131z\u0131 her zaman k\u00fcnye ba\u015fl\u0131\u011f\u0131 alt\u0131nda verilmi\u015f olan adrese y\u00f6neltebilirsiniz. Ayr\u0131ca yetkili denetim makam\u0131na \u015fikayette bulunma hakk\u0131na da sahipsiniz.<\/p>\n<h3>Analiz ara\u00e7lar\u0131 ve \u00fc\u00e7\u00fcnc\u00fc sunucular\u0131n ara\u00e7lar\u0131<\/h3>\n<p>Web sitemizi ziyaretiniz esnas\u0131nda s\u00f6rf al\u0131\u015fkanl\u0131klar\u0131n\u0131z istatistiksel olarak de\u011ferlendirilebilir. Bu \u00f6ncelikle \u00e7erezler ve analiz programlar\u0131 ad\u0131 verilen programlarla ger\u00e7ekle\u015fir. S\u00f6rf al\u0131\u015fkanl\u0131klar\u0131n\u0131z\u0131n analizi genellikle anonim olarak ger\u00e7ekle\u015ftirilir; s\u00f6rf al\u0131\u015fkanl\u0131\u011f\u0131 sizinle ili\u015fkilendirilemez. Bu analize itiraz edebilir veya baz\u0131 ara\u00e7lar\u0131 kullanmayarak bu analizi \u00f6nleyebilirsiniz. Bu konuya ili\u015fkin ayr\u0131nt\u0131l\u0131 bilgileri a\u015fa\u011f\u0131da yer alan veri koruma beyan\u0131nda bulabilirsiniz.<\/p>\n<p>Bu analize itiraz edebilirsiniz. \u0130tiraz etme olanaklar\u0131 hakk\u0131nda bu veri koruma beyan\u0131 kapsam\u0131nda sizi bilgilendirece\u011fiz.<\/p>\n<h2>2. Genel a\u00e7\u0131klamalar ve zorunlu bilgiler<\/h2>\n<h3>Veri koruma<\/h3>\n<p>Bu sayfalar\u0131n i\u015fleticileri ki\u015fisel verilerinizin korunmas\u0131n\u0131 \u00e7ok ciddiye almaktad\u0131r. Ki\u015fisel verileriniz g\u00fcvenlik esas\u0131na, ilgili yasal veri g\u00fcvenli\u011fi d\u00fczenlemelerine ve bu veri g\u00fcvenli\u011fi beyan\u0131na uygun bir \u015fekilde i\u015flenir.<\/p>\n<p>Bu web sitesini ziyaret etti\u011finizde \u00e7e\u015fitli ki\u015fisel veriler toplan\u0131r.<br \/>\n&nbsp;Ki\u015fisel veriler, sizin ki\u015fisel olarak tan\u0131mlanman\u0131z\u0131 sa\u011flayacak olan verilerdir. Mevcut veri koruma beyan\u0131, hangi verileri toplad\u0131\u011f\u0131m\u0131z\u0131 ve bunlar\u0131 ne i\u00e7in kulland\u0131\u011f\u0131m\u0131z\u0131 a\u00e7\u0131klar. Ayr\u0131ca bu beyan kapsam\u0131nda verilerin nas\u0131l ve hangi amaca y\u00f6nelik olarak topland\u0131\u011f\u0131 da a\u00e7\u0131klanmaktad\u0131r.<\/p>\n<p>\u0130nternet ortam\u0131ndaki veri aktar\u0131m\u0131n\u0131n (\u00f6r. e-posta yoluyla ileti\u015fim) g\u00fcvenlik bo\u015fluklar\u0131 i\u00e7erebilece\u011fini belirtmek istiyoruz. Verilerin \u00fc\u00e7\u00fcnc\u00fc \u015fah\u0131slar\u0131n eri\u015fiminden kusursuz bir \u015fekilde korunmas\u0131 m\u00fcmk\u00fcn de\u011fildir.<\/p>\n<h3>Sorumlu makama ili\u015fkin bilgiler<\/h3>\n<p>Bu web sitesinde veri i\u015fleme faaliyetlerinden sorumlu makam a\u015fa\u011f\u0131da belirtilmi\u015ftir:<\/p>\n<p>Islamische Gemeinschaft Mill\u00ee G\u00f6r\u00fc\u015f e.V. (IGMG)<br \/>\nColonia-Allee 3<br \/>\nD-51067 K\u00f6ln<\/p>\n<p>Telefon: +49 221 942240-100<br \/>\nE-posta: info@igmg.org<\/p>\n<p>Sorumlu makam, tek ba\u015f\u0131na veya ba\u015fkalar\u0131yla birlikte ki\u015fisel verilerin (\u00f6r. isimler, e-posta adresleri vs.) i\u015flenme amac\u0131na ve y\u00f6ntemine karar veren ger\u00e7ek veya t\u00fczel ki\u015fidir.<\/p>\n<h3>Veri i\u015fleme faaliyetleri i\u00e7in verdi\u011finiz onay\u0131n iptal edilmesi<\/h3>\n<p>Veri i\u015fleme faaliyetlerinin bir\u00e7o\u011fu ancak sizin a\u00e7\u0131k onay\u0131n\u0131zla m\u00fcmk\u00fcnd\u00fcr.&nbsp; Daha \u00f6nce vermi\u015f oldu\u011funuz bir onay\u0131 istedi\u011finiz zaman iptal edebilirsiniz. Bunun i\u00e7in bize e-posta yoluyla <a href=\"mailto:widerruf@igmg.org\">widerruf@igmg.org<\/a> adresine form gerektirmeyen bir bildirimde bulunman\u0131z yeterlidir. \u0130ptal bildirimine kadar ger\u00e7ekle\u015ftirilen veri i\u015fleme faaliyetlerinin yasall\u0131\u011f\u0131 iptalden etkilenmez.<\/p>\n<h3>Yetkili denetim makam\u0131na \u015fikayette bulunma hakk\u0131<\/h3>\n<p>Veri koruma hukukunun ihlal edilmesi durumunda ilgili ki\u015finin yetkili denetim makam\u0131na \u015fik\u00e2yette bulunma hakk\u0131 vard\u0131r. Veri koruma hukukuna ili\u015fkin konularda yetkili denetim makam\u0131, \u015firketimizin merkezinin bulundu\u011fu federal eyaletin eyalet veri koruma g\u00f6revlisidir. Veri koruma g\u00f6revlilerinin yer ald\u0131\u011f\u0131 bir listeye ve bu g\u00f6revlilerin ileti\u015fim bilgilerine a\u015fa\u011f\u0131daki linkten ula\u015fabilirsiniz: <a href=\"https:\/\/www.bfdi.bund.de\/DE\/Infothek\/Anschriften_Links\/anschriften_links-node.html\">https:\/\/www.bfdi.bund.de\/DE\/Infothek\/Anschriften_Links\/anschriften_links-node.html<\/a>.<\/p>\n<p>Kuzey Ren Vestfalya Veri Koruma ve Bilgi \u00d6zg\u00fcrl\u00fc\u011f\u00fc Eyalet G\u00f6revlisi<br \/>\nHelga Block<br \/>\nPosta kutusu 20 04 44<br \/>\n40102 D\u00fcsseldorf<br \/>\nKavalleriestra\u00dfe 2-4<br \/>\n40213 D\u00fcsseldorf<br \/>\nTelefon: 02 11\/384 24-0<br \/>\nTelefaks: 02 11\/384 24-10<br \/>\nE-posta: poststelle@ldi.nrw.de<\/p>\n<h3>Veri aktar\u0131labilirli\u011fi hakk\u0131<\/h3>\n<p>Onay\u0131n\u0131z \u00e7er\u00e7evesinde veya bir s\u00f6zle\u015fmenin ger\u00e7ekle\u015ftirilmesi i\u00e7in otomatik olarak i\u015fledi\u011fimiz verilerin size veya \u00fc\u00e7\u00fcnc\u00fc bir tarafa yayg\u0131n olarak kullan\u0131lan ve makine taraf\u0131ndan okunabilecek bir formatta teslim edilmesini talep etme hakk\u0131na sahipsiniz.&nbsp; Verilerin do\u011frudan di\u011fer bir sorumluya aktar\u0131lmas\u0131n\u0131 isterseniz bu ancak teknik a\u00e7\u0131dan imkan varsa ger\u00e7ekle\u015ftirilir.<\/p>\n<h3>SSL veya TLS \u015fifreleme<\/h3>\n<p>Bu sayfa g\u00fcvenlikle ilgili sebeplerden dolay\u0131 ve gizli i\u00e7eriklerin, mesela sayfa i\u015fleticisi olarak bize g\u00f6nderdi\u011finiz sipari\u015f veya soru aktar\u0131mlar\u0131n\u0131n korunmas\u0131 i\u00e7in SSL veya TLS \u015fifreleme kullan\u0131r. \u015eifrelenmi\u015f bir ba\u011flant\u0131y\u0131 taray\u0131c\u0131n\u0131z\u0131n adres \u00e7ubu\u011funun &#8220;http:\/\/&#8221; g\u00f6r\u00fcn\u00fcm\u00fcnden &#8220;https:\/\/&#8221; g\u00f6r\u00fcn\u00fcm\u00fcne ge\u00e7i\u015finden ve taray\u0131c\u0131 sat\u0131r\u0131n\u0131zdaki kilit sembol\u00fcnden anlars\u0131n\u0131z.<\/p>\n<p>SSL veya TLS \u015fifreleme etkinle\u015ftirildi\u011finde bize aktard\u0131\u011f\u0131n\u0131z veriler \u00fc\u00e7\u00fcnc\u00fc taraflar taraf\u0131ndan okunamaz.<\/p>\n<h3>Bu web sitesinde \u015fifrelenmi\u015f \u00f6deme i\u015flemleri<\/h3>\n<p>\u00dccretli bir s\u00f6zle\u015fme yap\u0131ld\u0131ktan sonra bize \u00f6deme bilgilerinizi (\u00f6r. tahsil etme yetkisi verildi\u011finde hesap numaras\u0131) aktarma y\u00fck\u00fcml\u00fcl\u00fc\u011f\u00fcn\u00fcz mevcutsa, bu bilgiler \u00f6deme i\u015flemlerinin ger\u00e7ekle\u015ftirilmesi i\u00e7in kullan\u0131l\u0131r.<\/p>\n<p>Yayg\u0131n \u00f6deme ara\u00e7lar\u0131 (Visa\/MasterCard, bor\u00e7 kayd\u0131) ile ger\u00e7ekle\u015ftirilen \u00f6deme i\u015flemleri SSL veya TLS \u015fifreli bir ba\u011flant\u0131yla ger\u00e7ekle\u015ftirilir. \u015eifrelenmi\u015f bir ba\u011flant\u0131y\u0131 taray\u0131c\u0131n\u0131z\u0131n adres \u00e7ubu\u011funun &#8220;http:\/\/&#8221; g\u00f6r\u00fcn\u00fcm\u00fcnden &#8220;https:\/\/&#8221; g\u00f6r\u00fcn\u00fcm\u00fcne ge\u00e7i\u015finden ve taray\u0131c\u0131 sat\u0131r\u0131n\u0131zdaki kilit sembol\u00fcnden anlars\u0131n\u0131z.<\/p>\n<p>\u015eifreli ileti\u015fimde bize aktard\u0131\u011f\u0131n\u0131z \u00f6deme bilgileriniz \u00fc\u00e7\u00fcnc\u00fc taraflar taraf\u0131ndan okunamaz.<\/p>\n<h2>3. Veri koruma g\u00f6revlisi<\/h2>\n<h3>Yasal veri koruma g\u00f6revlisi<\/h3>\n<p>\u015eirketimiz i\u00e7in bir veri koruma g\u00f6revlisi g\u00f6revlendirmi\u015f bulunmaktay\u0131z.<br \/>\nYusuf Kutlucan<br \/>\nColonia-Allee 3<br \/>\n51067 K\u00f6ln<br \/>\nTelefon: 0221\/942240-462<br \/>\nE-Mail: <a href=\"mailto:ykutlucan@un-it.org\">y.kutlucan@un-it.org<\/a><\/p>\n<h2>4. Yaz\u0131l\u0131 formlar ile verilerin toplanmas\u0131<\/h2>\n<p>Formlar arac\u0131l\u0131\u011f\u0131 ile toplanan ki\u015fisel veriler GVKT&#8217;nin 6. maddesinin 1. f\u0131kras\u0131n\u0131n a bendine dayanarak ve e\u011fer form \u00fczerinde onay beyan\u0131 talep edilmekteyse bunun yan\u0131 s\u0131ra ayn\u0131 t\u00fcz\u00fc\u011f\u00fcn 6. maddesinin 1. f\u0131kras\u0131n\u0131n b bendine dayanarak toplan\u0131r ve i\u015flenir. Ayr\u0131ca bu veriler GVKT\u2019nin 6. maddesinin 1. f\u0131kras\u0131n\u0131n f bendine dayanarak reklam ama\u00e7lar\u0131 i\u00e7in kullan\u0131l\u0131r. \u00d6demelerle ilgili formlar\u0131n kaydedilme s\u00fcresi 10 y\u0131ld\u0131r, di\u011fer durumlar i\u00e7in veriler ilgili y\u0131ldan sonra en az 3 takvim y\u0131l\u0131 daha saklanmal\u0131d\u0131r. Formlar\u0131n bu s\u00fcreyle kaydedilmesinin amac\u0131 yasal gerekliliklerin kar\u015f\u0131lanmas\u0131 ve olas\u0131 kar\u015f\u0131l\u0131kl\u0131 taleplerin \u00e7\u00f6z\u00fcme ula\u015ft\u0131r\u0131lmas\u0131d\u0131r. Verilerin kaydedilmesine istedi\u011finiz zaman itiraz etme hakk\u0131n\u0131z vard\u0131r, bu durumda veriler gerekli olan minimum \u00f6l\u00e7\u00fcde kaydedilir ve kaydetme s\u00fcreleri dolar dolmaz tamamen silinir. Ancak itiraz etmemeniz durumunda veriler gerekli yasal s\u00fcreden sonra da reklam ama\u00e7l\u0131 olarak i\u015flenmeye devam edilecektir.&nbsp;<\/p>\n<h2>5. Web sitemizde verilerin toplanmas\u0131<\/h2>\n<h3>\u00c7erezler<\/h3>\n<p>\u0130nternet sayfalar\u0131 k\u0131smen \u00e7erezler kullan\u0131r. \u00c7erezler bilgisayar\u0131n\u0131zda hasara yol a\u00e7maz ve vir\u00fcs i\u00e7ermezler. \u00c7erezler, hizmetlerimizi daha kullan\u0131c\u0131 dostu, etkin ve g\u00fcvenli bir \u015fekilde sunmam\u0131z\u0131 sa\u011flar. \u00c7erezler bilgisayar\u0131n\u0131za b\u0131rak\u0131lan ve taray\u0131c\u0131n\u0131z\u0131n kaydetti\u011fi k\u00fc\u00e7\u00fck metin dosyalar\u0131d\u0131r.<\/p>\n<p>Bizim taraf\u0131m\u0131zdan kullan\u0131lan \u00e7erezlerin bir\u00e7o\u011fu &#8220;oturum \u00e7erezleri&#8221; ad\u0131 verilen \u00e7erezlerdir. Bunlar oturumunuz sonland\u0131\u011f\u0131nda otomatik olarak silinir. Di\u011fer \u00e7erezler siz bunlar\u0131 silene kadar terminalinizde kal\u0131r. Bu \u00e7erezler taray\u0131c\u0131n\u0131z\u0131 bir sonraki ziyaretinizde taray\u0131c\u0131n\u0131z\u0131 tan\u0131mam\u0131z\u0131 sa\u011flar.<\/p>\n<p>Taray\u0131c\u0131n\u0131z\u0131 b\u0131rak\u0131lan \u00e7erezler hakk\u0131nda bilgilendirilece\u011finiz ve \u00e7erezlere m\u00fcnferit durumlarda izin verilece\u011fi, \u00e7erezlerin belli durumlarda kabul edilece\u011fi veya genel olarak reddedilece\u011fi ve taray\u0131c\u0131n\u0131z kapat\u0131l\u0131rken \u00e7erezlerin otomatik olarak silinece\u011fi \u015fekilde ayarlayabilirsiniz. \u00c7erezlerin devre d\u0131\u015f\u0131 b\u0131rak\u0131lmas\u0131 durumunda bu web sitesinin i\u015flevselli\u011fi k\u0131s\u0131tlanabilir.<\/p>\n<p>Elektronik ileti\u015fim i\u015fleminin veya baz\u0131, sizin taraf\u0131n\u0131zdan istenen fonksiyonlar\u0131n (\u00f6r. \u00fcr\u00fcn sepeti fonksiyonu) sunulmas\u0131 i\u00e7in gerekli olan \u00e7erezler GVKT madde 6, f\u0131kra 1, bent a uyar\u0131nca kaydedilir. Web sitesi i\u015fleticisi hizmetlerini teknik a\u00e7\u0131dan hatas\u0131z sunmak ve bunlar\u0131 optimize etmek i\u00e7in hakl\u0131 olarak \u00e7erezlerin kaydedilmesini istemektedir. Di\u011fer \u00e7erezler (\u00f6r. s\u00f6rf al\u0131\u015fkanl\u0131klar\u0131n\u0131z\u0131n analizi i\u00e7in kullan\u0131lan \u00e7erezler) kaydedildi\u011finde, bunlar bu veri koruma beyan\u0131nda ayr\u0131 olarak ele al\u0131nmaktad\u0131r.<\/p>\n<h3>Sunucu log dosyalar\u0131<\/h3>\n<p>Sayfalar\u0131n sunucusu log dosyalar\u0131 olarak adland\u0131r\u0131lan dosyalarda taray\u0131c\u0131n\u0131z\u0131n bize otomatik olarak iletti\u011fi bilgileri otomatik olarak toplar ve kaydeder. Bu bilgiler \u015funlard\u0131r:<\/p>\n<ul>\n<li>Taray\u0131c\u0131 tipi ve taray\u0131c\u0131 versiyonu<\/li>\n<li>Kullan\u0131lan i\u015fletim sistemi<\/li>\n<li>Y\u00f6nlendiren URL<\/li>\n<li>Eri\u015fimi ger\u00e7ekle\u015ftiren sistemin ad\u0131<\/li>\n<li>Sunucu sorgusunun saati<\/li>\n<li>IP adresi<\/li>\n<\/ul>\n<p>Bu veriler di\u011fer veri kaynaklar\u0131 ile birle\u015ftirilmez.<\/p>\n<p>Bu verilerin toplanmas\u0131 GVKT madde 6, f\u0131kra 1, bent f uyar\u0131nca ger\u00e7ekle\u015ftirilir. Web sitesi i\u015fleticisi hizmetlerini teknik a\u00e7\u0131dan hatas\u0131z sunmak ve web sitesini optimize etmeyi istemektedir, bunun i\u00e7in sunucu log dosyalar\u0131n\u0131n tutulmas\u0131 gerekmektedir.<\/p>\n<h3>\u0130leti\u015fim formu<\/h3>\n<p>\u0130leti\u015fim formu \u00fczerinden bize soru y\u00f6neltmek isterseniz, formda belirtilen ileti\u015fim bilgileriniz de dahil olmak \u00fczere bu soru formunda yer alan verileriniz, sorunuzun i\u015fleme al\u0131nmas\u0131 ve sonraki sorular i\u00e7in taraf\u0131m\u0131zca kaydedilir. Bu verileri sizin onay\u0131n\u0131z olmaks\u0131z\u0131n \u00fc\u00e7\u00fcnc\u00fc taraflara aktarmay\u0131z.<\/p>\n<p>Dolay\u0131s\u0131yla ileti\u015fim formunda belirtilen verilerin i\u015flenmesi sadece sizin onay\u0131n\u0131zla ger\u00e7ekle\u015fir (GVKT madde 6, f\u0131kra 1, bent a). Bu onay\u0131 istedi\u011finiz zaman iptal edebilirsiniz. Bunun i\u00e7in bize e-posta yoluyla form gerektirmeyen bir bildirimde bulunman\u0131z yeterlidir. \u0130ptal bildirimine kadar ger\u00e7ekle\u015ftirilen veri i\u015fleme faaliyetlerinin yasall\u0131\u011f\u0131 iptalden etkilenmez.<\/p>\n<p>\u0130leti\u015fim formunda belirtti\u011finiz veriler, siz bizden bunlar\u0131n silinmesini talep edene, verilerin kaydedilmesine ili\u015fkin onay\u0131n\u0131z\u0131 iptal edene kadar veya verilerin kaydedilmesine ili\u015fkin ama\u00e7 ortadan kalkana kadar (\u00f6r. ba\u015fvurunuzun de\u011ferlendirilmesi tamamlanmas\u0131) bizde kal\u0131r. Zorunlu yasal h\u00fck\u00fcmler, \u00f6zellikle saklama s\u00fcreleri ge\u00e7erlili\u011fini korur.<\/p>\n<h3>Bu web sitesine kay\u0131t olma<\/h3>\n<p>Bu sayfada ek fonksiyonlar\u0131 kullanabilmek i\u00e7in web sitemize kay\u0131t olabilirsiniz. Bunun i\u00e7in girilen verileri sadece kay\u0131t oldu\u011funuz ilgili teklifin veya hizmetin kullan\u0131lmas\u0131 amac\u0131yla kullan\u0131r\u0131z. Kay\u0131t i\u015flemi esnas\u0131nda sorulan zorunlu bilgilerin eksiksiz olarak verilmesi gerekmektedir. Aksi halde kay\u0131t talebiniz reddedilecektir.<\/p>\n<p>Hizmet kapsam\u0131ndaki de\u011fi\u015fiklikler veya gerekli teknik de\u011fi\u015fiklikler gibi \u00f6nemli de\u011fi\u015fikliklerde sizi bilgilendirmek i\u00e7in kay\u0131t esnas\u0131nda verdi\u011finiz e-posta adresi kullan\u0131lacakt\u0131r.<\/p>\n<p>Kay\u0131t i\u015flemi esnas\u0131nda belirtilen verilerin i\u015flenmesi sadece sizin onay\u0131n\u0131zla ger\u00e7ekle\u015fir (GVKT madde 6, f\u0131kra 1, bent a). Vermi\u015f oldu\u011funuz bir onay\u0131 istedi\u011finiz zaman iptal edebilirsiniz. Bunun i\u00e7in bize e-posta yoluyla form gerektirmeyen bir bildirimde bulunman\u0131z yeterlidir. \u00d6nceden ger\u00e7ekle\u015ftirilen veri i\u015fleme faaliyetlerinin yasall\u0131\u011f\u0131 iptalden etkilenmez.<\/p>\n<p>Kay\u0131t i\u015flemi esnas\u0131nda toplanan veriler, web sitemizde kay\u0131tl\u0131 oldu\u011funuz s\u00fcre boyunca taraf\u0131m\u0131zca kaydedilir ve daha sonra silinir. Yasal saklama s\u00fcreleri ge\u00e7erlili\u011fini korur.<\/p>\n<h3>Bu web sitesinde yorum fonksiyonu<\/h3>\n<p>Bu web sitesinde yorum fonksiyonu i\u00e7in, yorumunuzun yan\u0131 s\u0131ra yorumun olu\u015fturuldu\u011fu zamana ili\u015fkin bilgiler, e-posta adresiniz ve e\u011fer yorumunuzu anonim olarak g\u00f6ndermiyorsan\u0131z, se\u00e7ti\u011finiz kullan\u0131c\u0131 ad\u0131n\u0131z da kaydedilir.<\/p>\n<h3>IP adresinin kaydedilmesi<\/h3>\n<p>Yorum fonksiyonumuz, yorum yapan kullan\u0131c\u0131lar\u0131n IP adreslerini kaydeder. Sayfam\u0131zda yap\u0131lan yorumlar\u0131 yay\u0131nlamadan \u00f6nce konrol etmedi\u011fimiz i\u00e7in, yasalar\u0131n ihlal edilmesi, hakaret ve propaganda durumunda bu yorumu yapan ki\u015fiye kar\u015f\u0131 i\u015flem yapabilmek i\u00e7in bu bilgilere ihtiyac\u0131m\u0131z vard\u0131r.<\/p>\n<h3>Yorumlar\u0131n kaydedilme s\u00fcresi<\/h3>\n<p>Yorumlar ve bununla ilgili veriler (\u00f6r. IP adresi) kaydedilir ve yorum yap\u0131lan i\u00e7erik tamamen silinene veya yorumlar\u0131n yasal gerek\u00e7eler sebebiyle silinmesi gerekene (\u00f6r. hakaret i\u00e7erikli yorumlar) kadar web sitemizde kal\u0131r.<\/p>\n<h3>Yasal dayanak<\/h3>\n<p>Yorumlar\u0131n kaydedilmesi onay\u0131n\u0131za dayanarak ger\u00e7ekle\u015fir (GVKT madde 6, f\u0131kra 1, bent a). Vermi\u015f oldu\u011funuz bir onay\u0131 istedi\u011finiz zaman iptal edebilirsiniz. Bunun i\u00e7in bize e-posta yoluyla form gerektirmeyen bir bildirimde bulunman\u0131z yeterlidir. \u00d6nceden ger\u00e7ekle\u015ftirilen veri i\u015fleme s\u00fcre\u00e7lerinin yasall\u0131\u011f\u0131 iptalden etkilenmez.<\/p>\n<h3>Verilerin i\u015flenmesi (m\u00fc\u015fteri ve s\u00f6zle\u015fme verileri)<\/h3>\n<p>Ki\u015fisel verileri sadece hukuki ili\u015fkinin gerek\u00e7elendirilmesi, i\u00e7eriksel d\u00fczenlemesi veya de\u011fi\u015ftirilmesi i\u00e7in gerekli olmas\u0131 halinde toplar, i\u015fler ve kullan\u0131r\u0131z (envanter verileri). Bunlar, verilerin bir s\u00f6zle\u015fme \u015fartlar\u0131n\u0131n yerine getirilmesi veya s\u00f6zle\u015fme \u00f6ncesi i\u015flemler i\u00e7in i\u015flenmesine izin veren GVKT&#8217;nin, 6. maddesinin, 1. f\u0131kras\u0131n\u0131n, b bendine dayanarak ger\u00e7ekle\u015ftirilir. Ayr\u0131ca bu veriler GVKT\u2019nin 6. maddesinin 1. f\u0131kras\u0131n\u0131n f bendine dayanarak reklam ama\u00e7lar\u0131 i\u00e7in kullan\u0131l\u0131r.<\/p>\n<p>Toplanan m\u00fc\u015fteri verileri g\u00f6rev tamamland\u0131\u011f\u0131nda veya i\u015f ili\u015fkisi sonland\u0131r\u0131ld\u0131\u011f\u0131nda silinir. Yasal saklama s\u00fcreleri ge\u00e7erlili\u011fini korur.<\/p>\n<h3>Hizmetler i\u00e7in s\u00f6zle\u015fme yap\u0131lmas\u0131 durumunda ve dijital i\u00e7erikler i\u00e7in veri aktar\u0131m\u0131<\/h3>\n<p>Ki\u015fisel verilerin \u00fc\u00e7\u00fcnc\u00fc taraflara aktar\u0131m\u0131 sadece bu aktar\u0131m s\u00f6zle\u015fme \u00e7er\u00e7evesinde gerekli ise ger\u00e7ekle\u015ftirilir, mesela \u00f6deme i\u015flemlerinin yap\u0131lmas\u0131 i\u00e7in g\u00f6revlendirilen kredi kurumuna veri aktar\u0131m\u0131 gibi.<\/p>\n<p>Bunun d\u0131\u015f\u0131nda veri aktar\u0131m\u0131 ger\u00e7ekle\u015ftirilmez veya sadece sizin a\u00e7\u0131k onay\u0131n\u0131z ile ger\u00e7ekle\u015ftirilir. Verileriniz sizin a\u00e7\u0131k onay\u0131n\u0131z olmadan (GVKT madde 6, f\u0131kra 1, bent a) reklam gibi ama\u00e7lara y\u00f6nelik olarak \u00fc\u00e7\u00fcnc\u00fc taraflara aktar\u0131lmaz.<\/p>\n<p>Veri i\u015fleme faaliyetlerinin dayana\u011f\u0131, verilerin bir s\u00f6zle\u015fme \u015fartlar\u0131n\u0131n yerine getirilmesi veya s\u00f6zle\u015fme \u00f6ncesi i\u015flemler i\u00e7in i\u015flenmesine izin veren GVKT&#8217;nin, 6. maddesinin, 1. f\u0131kras\u0131n\u0131n, b bendidir.<\/p>\n<h2>6. Sosyal medya<\/h2>\n<h3>Facebook eklentileri (Be\u011fen &amp; Payla\u015f butonu)<\/h3>\n<p>Sayfalar\u0131m\u0131za Facebook Inc., 1 Hacker Way, Menlo Park, California 94025, ABD sosyal a\u011f sunucusunun eklentileri entegre edilmi\u015ftir.&nbsp; Facebook eklentilerini Facebook logosundan veya sayfam\u0131zda bulunan &#8220;Be\u011fen butonundan&#8221; tan\u0131rs\u0131n\u0131z. Facebook eklentilerine ili\u015fkin genel bir bak\u0131\u015f\u0131 burada bulabilirsiniz:&nbsp;<a href=\"https:\/\/developers.facebook.com\/docs\/plugins\/\">https:\/\/developers.facebook.com\/docs\/plugins\/<\/a>.<\/p>\n<p>Sayfam\u0131z\u0131 ziyaret etti\u011finizde eklenti \u00fczerinden taray\u0131c\u0131n\u0131z ve Facebook sunucusu aras\u0131nda do\u011frudan bir ba\u011flant\u0131 ger\u00e7ekle\u015ftirilir. Bu ba\u011flant\u0131 sayesinde Facebook, IP adresinizle sayfam\u0131z\u0131 ziyaret etti\u011finiz bilgisini al\u0131r. Facebook hesab\u0131n\u0131z a\u00e7\u0131kken Facebook &#8220;Be\u011fen butonuna&#8221; bast\u0131\u011f\u0131n\u0131zda Facebook profiliniz ile sayfalar\u0131m\u0131z\u0131n i\u00e7eri\u011fi aras\u0131nda ba\u011flant\u0131 kurabilirsiniz. Bu sayede Facebook sayfalar\u0131m\u0131za yap\u0131lan ziyareti sizin kullan\u0131c\u0131 hesab\u0131n\u0131zla e\u015fle\u015ftirebilir. Sayfalar\u0131n sunucusu olarak aktar\u0131lan bilgilerin i\u00e7eri\u011fi ve bunlar\u0131n Facebook taraf\u0131ndan kullan\u0131m\u0131na ili\u015fkin bilgi sahibi olmad\u0131\u011f\u0131m\u0131z\u0131 belirtmek istiyoruz. Bu konuya ili\u015fkin daha fazla bilgiyi \u015fu adreste Facebook&#8217;un veri koruma beyan\u0131nda bulabilirsiniz:&nbsp;<a href=\"https:\/\/www.facebook.com\/privacy\/explanation\">https:\/\/www.facebook.com\/privacy\/explanation<\/a>.<\/p>\n<p>Sayfam\u0131za yap\u0131lan ziyaretin Facebook taraf\u0131ndan Facebook kullan\u0131c\u0131 hesab\u0131n\u0131zla e\u015fle\u015ftirilmesini istemiyorsan\u0131z l\u00fctfen Facebook kullan\u0131c\u0131 hesab\u0131n\u0131zdan \u00e7\u0131k\u0131\u015f yap\u0131n\u0131z.<\/p>\n<p>Facebook eklentilerinin kullan\u0131lmas\u0131 GVKT madde 6, f\u0131kra 1, bent a uyar\u0131nca ger\u00e7ekle\u015ftirilir. Web sitesi i\u015fleticisi, hakl\u0131 olarak sosyal medyada m\u00fcmk\u00fcn oldu\u011funca kapsaml\u0131 bir \u015fekilde g\u00f6r\u00fclmeyi istemektedir.<\/p>\n<h3>Twitter eklentisi<\/h3>\n<p>Sayfalar\u0131m\u0131za Twitter hizmetinin fonksiyonlar\u0131 eklenmi\u015ftir. Bu fonksiyonlar Twitter Inc., 1355 Market Street, Suite 900, San Francisco, CA 94103, ABD taraf\u0131ndan sunulur. Twitter&#8217;\u0131n ve &#8220;Re-Tweet&#8221; fonksiyonunun kullan\u0131lmas\u0131 ile taraf\u0131n\u0131zca ziyaret edilen web siteleri Twitter hesab\u0131n\u0131zla ba\u011fda\u015ft\u0131r\u0131l\u0131r ve di\u011fer kullan\u0131c\u0131lara bildirilir. Bu esnada verileri Twitter&#8217;a da aktar\u0131l\u0131r. Sayfalar\u0131n sunucusu olarak aktar\u0131lan bilgilerin i\u00e7eri\u011fi ve bunlar\u0131n Twitter taraf\u0131ndan kullan\u0131m\u0131na ili\u015fkin bilgi sahibi olmad\u0131\u011f\u0131m\u0131z\u0131 belirtmek istiyoruz. Bu konuya ili\u015fkin daha fazla bilgiyi \u015fu adreste Twitter&#8217;\u0131n veri koruma beyan\u0131nda bulabilirsiniz:&nbsp;<a href=\"https:\/\/twitter.com\/privacy\">https:\/\/twitter.com\/privacy<\/a>.<\/p>\n<p>Twitter eklentilerinin kullan\u0131lmas\u0131 GVKT madde 6, f\u0131kra 1, bent a uyar\u0131nca ger\u00e7ekle\u015ftirilir. Web sitesi i\u015fleticisi, hakl\u0131 olarak sosyal medyada m\u00fcmk\u00fcn oldu\u011funca kapsaml\u0131 bir \u015fekilde g\u00f6r\u00fclmeyi istemektedir.<\/p>\n<p>Twitter&#8217;daki veri koruma ayarlar\u0131n\u0131z\u0131&nbsp;<a href=\"https:\/\/twitter.com\/account\/settings\">https:\/\/twitter.com\/account\/settings<\/a>&nbsp;adresinden de\u011fi\u015ftirebilirsiniz.<\/p>\n<h3>Google+ eklentisi<\/h3>\n<p>Sayfalar\u0131m\u0131z Google+fonksiyonlar\u0131n\u0131 kullanmaktad\u0131r. Bu fonksiyonlar Google Inc., 1600 Amphitheatre Parkway, Mountain View, CA 94043, ABD taraf\u0131ndan sunulur.<\/p>\n<p>Verilerin toplanmas\u0131 ve aktar\u0131m\u0131: Google+ butonu ile bilgileri d\u00fcnya \u00e7ap\u0131nda yay\u0131nlayabilirsiniz. Google+ butonu \u00fczerinden siz ve di\u011fer kullan\u0131c\u0131lara Google ve di\u011fer partnerlerimizin ki\u015fiselle\u015ftirilmi\u015f i\u00e7erikleri sunulur. Google hem sizin +1 verdi\u011finiz i\u00e7eriklere ili\u015fkin bilgileri hem de +1 butonuna basarken bakt\u0131\u011f\u0131n\u0131z sayfalara ili\u015fkin bilgileri kaydeder. +1&#8217;leriniz profil isimleriniz ve foto\u011fraf\u0131n\u0131zla birlikte bilgi olarak, Google hizmetlerinde, mesela arama sonu\u00e7lar\u0131nda veya Google profilinizde ya da internette web sitelerinde ve internet reklam anonslar\u0131ndaki di\u011fer yerlerde g\u00f6sterilebilir.<\/p>\n<p>Google, hizmetlerini sizin i\u00e7in ve di\u011fer ki\u015filer i\u00e7in iyile\u015ftirebilmek amac\u0131yla +1 aktiviteleriniz hakk\u0131nda bilgiler toplar. Google+ butonunu kullanabilmek i\u00e7in d\u00fcnya \u00e7ap\u0131nda g\u00f6r\u00fclebilen, en az\u0131ndan profil i\u00e7in se\u00e7ilen ismi i\u00e7eren kamuya a\u00e7\u0131k bir Google profiline sahip olman\u0131z gerekmektedir. Bu isim t\u00fcm Google hizmetlerinde kullan\u0131lacakt\u0131r. Baz\u0131 durumlarda bu isim, Google hesab\u0131n\u0131zdan i\u00e7erik payla\u015f\u0131rken kulland\u0131\u011f\u0131n\u0131z ba\u015fka bir ismin yerine de ge\u00e7ebilir. Google profilinizin kimli\u011fi, e-posta adresinizi bilen veya sizin hakk\u0131n\u0131zda kimlik tan\u0131mlay\u0131c\u0131 di\u011fer bilgilere sahip olan kullan\u0131c\u0131lara g\u00f6sterilebilir.<\/p>\n<p>Toplanan verilerin kullan\u0131lmas\u0131: Yukar\u0131da a\u00e7\u0131klanan kullan\u0131m ama\u00e7lar\u0131n\u0131n yan\u0131 s\u0131ra sizin taraf\u0131n\u0131zdan sunulan bilgiler ge\u00e7erli Google veri koruma h\u00fck\u00fcmleri uyar\u0131nca kullan\u0131l\u0131r. Google, kullan\u0131c\u0131lar\u0131n +1 aktiviteleri hakk\u0131nda derlenmi\u015f istatistikleri yay\u0131nlayabilir veya bunlar\u0131 kullan\u0131c\u0131lara veya yay\u0131mc\u0131, ilgili ya da ba\u011fl\u0131 web siteleri gibi partnerlere aktarabilir.<\/p>\n<p>Google+ eklentilerinin kullan\u0131lmas\u0131 GVKT madde 6, f\u0131kra 1, bent a uyar\u0131nca ger\u00e7ekle\u015ftirilir. Web sitesi i\u015fleticisi, hakl\u0131 olarak sosyal medyada m\u00fcmk\u00fcn oldu\u011funca kapsaml\u0131 bir \u015fekilde g\u00f6r\u00fclmeyi istemektedir.<\/p>\n<h3>Instagram eklentisi<\/h3>\n<p>Sayfalar\u0131m\u0131za Instagram hizmetinin fonksiyonlar\u0131 eklenmi\u015ftir. Bu fonksiyonlar Instagram Inc., 1601 Willow Road, Menlo Park, CA 94025, ABD taraf\u0131ndan sunulur.<\/p>\n<p>Instagram hesab\u0131n\u0131z a\u00e7\u0131kken Instagram butonuna bast\u0131\u011f\u0131n\u0131zda Instagram profiliniz ile sayfalar\u0131m\u0131z\u0131n i\u00e7eri\u011fi aras\u0131nda ba\u011flant\u0131 kurabilirsiniz. Bu sayede Instagram, sayfalar\u0131m\u0131za yap\u0131lan ziyareti sizin kullan\u0131c\u0131 hesab\u0131n\u0131zla e\u015fle\u015ftirebilir. Sayfalar\u0131n sunucusu olarak aktar\u0131lan bilgilerin i\u00e7eri\u011fi ve bunlar\u0131n Instagram taraf\u0131ndan kullan\u0131m\u0131na ili\u015fkin bilgi sahibi olmad\u0131\u011f\u0131m\u0131z\u0131 belirtmek istiyoruz.<\/p>\n<p>Instagram eklentilerinin kullan\u0131lmas\u0131 GVKT madde 6, f\u0131kra 1, bent f uyar\u0131nca ger\u00e7ekle\u015ftirilir. Web sitesi i\u015fleticisi, hakl\u0131 olarak sosyal medyada m\u00fcmk\u00fcn oldu\u011funca kapsaml\u0131 bir \u015fekilde g\u00f6r\u00fclmeyi istemektedir.<\/p>\n<p>Bu konuya ili\u015fkin daha fazla bilgiyi \u015fu adreste Instagram&#8217;\u0131n veri koruma beyan\u0131nda bulabilirsiniz:&nbsp;<a href=\"https:\/\/instagram.com\/about\/legal\/privacy\/\">https:\/\/instagram.com\/about\/legal\/privacy\/<\/a>.<\/p>\n<h3>Linkedin eklentisi<\/h3>\n<p>Auf unseren Seiten sind Funktionen des Dienstes Linkedin eingebunden. Diese Funktionen werden angeboten durch die LinkedIn Ireland Unlimited Company Wilton Place, Dublin 2, Irland. Durch das Benutzen von Linkedin und der Funktion Teilen werden die von Ihnen besuchten Websites mit Ihrem Linkedin-Account verkn\u00fcpft und anderen Nutzern bekannt gegeben. Dabei werden auch Daten, u.a Anmeldedaten, Cookies, Ger\u00e4teinformationen und Internetprotokolladressen (\u201eIP\u201c-Adressen), an Linkedin \u00fcbertragen. Wir weisen darauf hin, dass wir als Anbieter der Seiten keine Kenntnis vom Inhalt der \u00fcbermittelten Daten sowie deren Nutzung durch Twitter erhalten. Weitere Informationen hierzu finden Sie in der Datenschutzerkl\u00e4rung von Linkedin unter: <a href=\"https:\/\/www.linkedin.com\/legal\/privacy-policy?_l=de_DE\">https:\/\/www.linkedin.com\/legal\/privacy-policy?_l=de_DE<\/a>.<\/p>\n<p>Die Verwendung des Linkedin-Plugins erfolgt auf Grundlage von Art. 6 Abs. 1 lit. a DSGVO. Der Websitebetreiber hat ein berechtigtes Interesse an einer m\u00f6glichst umfangreichen Sichtbarkeit in den Sozialen Medien.<\/p>\n<h2>7. Analiz ara\u00e7lar\u0131 ve reklam<\/h2>\n<h3>Google Analytics<\/h3>\n<p>Bu web sitesi web analiz hizmeti Google Analytics&#8217;in fonksiyonlar\u0131n\u0131 kullan\u0131r. Bu fonksiyonlar Google Inc., 1600 Amphitheatre Parkway, Mountain View, CA 94043, ABD taraf\u0131ndan sunulur.<\/p>\n<p>Google Analytics &#8220;\u00e7erezler&#8221; kullan\u0131r. Bunlar, bilgisayar\u0131n\u0131za kaydedilen ve web sitesini kullan\u0131m\u0131n\u0131z\u0131 analiz eden metin dosyalar\u0131d\u0131r. Bu web sitesini kullan\u0131m\u0131n\u0131z hakk\u0131nda \u00e7erez taraf\u0131ndan olu\u015fturulan bilgiler genellikle Google&#8217;\u0131n ABD&#8217;de bulunan bir sunucusuna aktar\u0131l\u0131r ve burada kaydedilir.<\/p>\n<p>Google-Analytics \u00e7erezlerinin kaydedilmesi ve bu analiz arac\u0131n\u0131n kullan\u0131lmas\u0131 GVKT madde 6, f\u0131kra 1, bent a uyar\u0131nca ger\u00e7ekle\u015ftirilir. Web sitesi i\u015fleticisi hem web hizmetlerini hem de reklamlar\u0131n\u0131 optimize etmek i\u00e7in hakl\u0131 olarak kullan\u0131m al\u0131\u015fkanl\u0131klar\u0131n\u0131n analiz edilmesini istemektedir.<\/p>\n<h3>IP anonimle\u015ftirme<\/h3>\n<p>Bu web sitesinde IP anonimle\u015ftirme fonksiyonunu etkinle\u015ftirdik. Bu sayede IP adresiniz ABD&#8217;ye aktar\u0131lmadan \u00f6nce Google taraf\u0131ndan, Avrupa Birli\u011fi \u00fcye devletleri i\u00e7inde veya Avrupa Ekonomik Alan\u0131 Anla\u015fmas\u0131n\u0131n s\u00f6zle\u015fme \u00fclkeleri i\u00e7inde k\u0131salt\u0131l\u0131r. Tam IP adresi sadece istisnai durumlarda ABD&#8217;ye Google&#8217;\u0131n bir sunucusuna aktar\u0131l\u0131r ve burada k\u0131salt\u0131l\u0131r. Google, bu bilgileri, bu web sitesinin i\u015fleticisinin ad\u0131na, web sitesi kullan\u0131m\u0131n\u0131z\u0131 de\u011ferlendirmek, web sitesi aktiviteleri hakk\u0131nda raporlar derlemek ve web sitesi i\u015fleticisine web sitesi kullan\u0131m\u0131yla ve internet kullan\u0131m\u0131yla ili\u015fkili di\u011fer hizmetleri sunmak i\u00e7in kullanacakt\u0131r. Google Analytics \u00e7er\u00e7evesinde taray\u0131c\u0131n\u0131zdan aktar\u0131lan IP adresi Google taraf\u0131ndan di\u011fer verilerle birle\u015ftirilmez.<\/p>\n<h3>Taray\u0131c\u0131 eklentisi<\/h3>\n<p>\u00c7erezlerin kaydedilmesini taray\u0131c\u0131 yaz\u0131l\u0131m\u0131n\u0131zda ilgili ayarlar\u0131 yaparak \u00f6nleyebilirsiniz; ancak bu durumda bu web sitesinin t\u00fcm fonksiyonlar\u0131n\u0131 tam kapsaml\u0131 olarak kullanamayabilece\u011finizi belirtmek isteriz. Ayr\u0131ca \u00e7erez taraf\u0131ndan olu\u015fturulan ve web stesini kullan\u0131m\u0131n\u0131za ili\u015fkin verilerin (IP adresiniz dahil) Google taraf\u0131ndan toplanmas\u0131n\u0131 ve bu verilerin Google taraf\u0131ndan i\u015flenmesini \u00f6nleyebilirsiniz, bunun i\u00e7in a\u015fa\u011f\u0131daki linkte bulunan taray\u0131c\u0131 eklentisini indirmeniz ve kurulumunu yapman\u0131z gerekmektedir: &nbsp;<a href=\"https:\/\/tools.google.com\/dlpage\/gaoptout?hl=de\">https:\/\/tools.google.com\/dlpage\/gaoptout?hl=de<\/a>.<\/p>\n<h3>Verilerin toplanmas\u0131na itiraz etme hakk\u0131<\/h3>\n<p>A\u015fa\u011f\u0131daki linke t\u0131klayarak verilerinizin Google Analytics taraf\u0131ndan toplanmas\u0131n\u0131 engelleyebilirsiniz. Bu durumda, gelecekte bu web sitesini ziyaretinizin kaydedilmesini engelleyen bir devre d\u0131\u015f\u0131 b\u0131rakma \u00e7erezi yerle\u015ftirilir.&nbsp;Google Analytics&#8217;in devre d\u0131\u015f\u0131 b\u0131rak\u0131lmas\u0131<\/p>\n<p>Kullan\u0131c\u0131 verilerinin Google Analytics taraf\u0131ndan ele al\u0131nmas\u0131na ili\u015fkin daha fazla bilgiyi Google&#8217;\u0131n veri koruma beyan\u0131nda bulabilirsiniz:&nbsp;<a href=\"https:\/\/support.google.com\/analytics\/answer\/6004245?hl=de\">https:\/\/support.google.com\/analytics\/answer\/6004245?hl=de<\/a>.<\/p>\n<h3>\u0130\u015f emrinin i\u015flenmesi<\/h3>\n<p>Google ile i\u015f emrinin i\u015flenmesi i\u00e7in bir s\u00f6zle\u015fme yapm\u0131\u015f bulunmaktay\u0131z ve bu anlamda Google Analytics hizmetini kullan\u0131rken Alman veri koruma makamlar\u0131n\u0131n s\u0131k\u0131 talimatlar\u0131na tamamen riayet ederiz.<\/p>\n<h3>Google Analytics demografik \u00f6zellikler fonksiyonu<\/h3>\n<p>Bu web sitesi Google Analytics&#8217;in &#8220;demografik \u00f6zellikler&#8221; fonksiyonunu kullan\u0131r. Bu \u00f6zellikler sayesinde, sayfa ziyaret\u00e7ilerinin ya\u015f\u0131, cinsiyeti ve ilgi alanlar\u0131 hakk\u0131nda bilgiler i\u00e7eren raporlar olu\u015fturulabilir. Bu veriler Google&#8217;\u0131n ilgi alanlar\u0131na ili\u015fkin reklamlar\u0131ndan ve \u00fc\u00e7\u00fcnc\u00fc sunucular\u0131n ziyaret\u00e7i verilerinden al\u0131n\u0131r. Bu veriler belli bir ki\u015fiye atanamaz. Bu fonksiyonu istedi\u011finiz zaman Google hesab\u0131n\u0131zdaki reklam ayarlar\u0131 \u00fczerinden devre d\u0131\u015f\u0131 b\u0131rakabilir veya verilerinizin Google Analytics toplanmas\u0131n\u0131 Verilerin toplanmas\u0131na itiraz etme hakk\u0131&#8221; maddesinde a\u00e7\u0131kland\u0131\u011f\u0131 gibi genel olarak yasaklayabilirsiniz.<\/p>\n<h2>8. B\u00fclten<\/h2>\n<h3>B\u00fclten verileri<\/h3>\n<p>Web sitesinde sunulan b\u00fclteni almak istiyorsan\u0131z, e-posta adresinize ve verdi\u011finiz e-posta adresinin sizin olup olmad\u0131\u011f\u0131n\u0131 ve size b\u00fclten g\u00f6nderilmesini onaylay\u0131p onaylamad\u0131\u011f\u0131n\u0131z\u0131 denetlememizi sa\u011flayacak bilgilere ihtiyac\u0131m\u0131z vard\u0131r. Bundan ba\u015fka bilgi toplanmaz veya sadece g\u00f6n\u00fcll\u00fcl\u00fck esas\u0131na dayanarak toplan\u0131r. Bu verileri sadece talep edilen bilgileri g\u00f6ndermek i\u00e7in kullan\u0131r\u0131z ve \u00fc\u00e7\u00fcnc\u00fc taraflara aktarmay\u0131z.<\/p>\n<p>Dolay\u0131s\u0131yla b\u00fclten kay\u0131t formunda belirtilen verilerin i\u015flenmesi sadece sizin onay\u0131n\u0131zla ger\u00e7ekle\u015fir (GVKT madde 6, f\u0131kra 1, bent a). Verilerin, e-posta adresinin kaydedilmesine ve b\u00fcltenlerin g\u00f6nderilmesi i\u00e7in bunlar\u0131n kullan\u0131lmas\u0131na ili\u015fkin onay\u0131n\u0131z\u0131 istedi\u011finiz zaman b\u00fcltende bulunan &#8220;\u00fcyeli\u011fi sonland\u0131r&#8221; linki \u00fczerinden iptal edebilirsiniz. \u00d6nceden ger\u00e7ekle\u015ftirilen veri i\u015fleme s\u00fcre\u00e7lerinin yasall\u0131\u011f\u0131 iptalden etkilenmez.<\/p>\n<p>B\u00fclten g\u00f6nderimi i\u00e7in bize vermi\u015f oldu\u011funuz verileriniz b\u00fclten \u00fcyeli\u011finden \u00e7\u0131k\u0131\u015f yapana kadar kaydedilir ve b\u00fclten \u00fcyeli\u011fi sonland\u0131r\u0131ld\u0131\u011f\u0131nda silinir. Ba\u015fka ama\u00e7lara y\u00f6nelik olarak taraf\u0131m\u0131zca kaydedilmi\u015f olan veriler bundan etkilenmez.<\/p>\n<h2>9. Eklentiler ve ara\u00e7lar<\/h2>\n<h3>YouTube<\/h3>\n<p>Web sayfam\u0131z Google taraf\u0131ndan i\u015fletilen YouTube sayfas\u0131n\u0131n eklentilerini kullanmaktad\u0131r. Bu sayfalar\u0131n i\u015fleticisi LLC, 901 Cherry Ave., San Bruno, CA 94066, ABD merkezli YouTube \u015firketidir.<\/p>\n<p>YouTube eklentileri ile donat\u0131lm\u0131\u015f sayfalar\u0131m\u0131zdan birini ziyaret etti\u011finizde YouTube sunucular\u0131 ile ba\u011flant\u0131 kurulur. Bu s\u0131rada YouTube sunucusuna hangi sayfalar\u0131m\u0131z\u0131 ziyaret etti\u011finiz bildirilir.<\/p>\n<p>YouTube hesab\u0131n\u0131zda oturumunuz a\u00e7\u0131k ise, You Tube&#8217;un s\u00f6rf al\u0131\u015fkanl\u0131klar\u0131n\u0131z\u0131 do\u011frudan hesab\u0131n\u0131zla ili\u015fkilendirmesine imkan vermi\u015f olursunuz. YouTube hesab\u0131n\u0131zdan \u00e7\u0131k\u0131\u015f yaparak bunu engelleyebilirsiniz.<\/p>\n<p>YouTube\u2019un kullan\u0131lmas\u0131ndaki amac\u0131 \u00e7evrim i\u00e7i hizmetlerimizin cazip bir \u015fekilde sunulmas\u0131d\u0131r. Bu ama\u00e7la YouTube kullan\u0131m\u0131 &nbsp;GVKT&#8217;nin 6. maddesinin 1. f\u0131kras\u0131n\u0131n a bendine dayanarak ger\u00e7ekle\u015fir.<\/p>\n<p>Kullan\u0131c\u0131 verilerinin i\u015flenmesine ili\u015fkin daha fazla bilgiye YouTube&#8217;un veri g\u00fcvenli\u011fi beyan\u0131ndan ula\u015fabilirsiniz: <a href=\"https:\/\/www.google.de\/intl\/de\/policies\/privacy\">https:\/\/www.google.de\/intl\/de\/policies\/privacy<\/a>.<\/p>\n<h3>Google Maps<\/h3>\n<p>Bu sayfa bir API \u00fczerinden Google Maps harita hizmetini kullan\u0131r. Bu hizmet Google Inc., 1600 Amphitheatre Parkway, Mountain View, CA 94043, ABD taraf\u0131ndan sunulur.<\/p>\n<p>Google Maps fonksiyonlar\u0131n\u0131n kullan\u0131lmas\u0131 i\u00e7in IP adresinizin kaydedilmesi gerekmektedir. Genellikle bu bilgiler ABD&#8217;ye Google&#8217;\u0131n bir sunucusuna aktar\u0131l\u0131r ve burada k\u0131salt\u0131l\u0131r. Bu sayfalar\u0131n sunucusunun bu veri aktar\u0131m\u0131 \u00fczerinde bir etkisi yoktur.<\/p>\n<p>Google Maps kullan\u0131m\u0131ndaki ama\u00e7, \u00e7evrim i\u00e7i hizmetlerimizin daha cazip \u015fekilde tasarlanmas\u0131n\u0131 ve web sitesinde verdi\u011fimiz adreslerin daha kolay bulunmas\u0131n\u0131 sa\u011flamakt\u0131r. Bu ama\u00e7 GVKT madde 6, f\u0131kra 1, bent a uyar\u0131nca me\u015fru bir menfaat te\u015fkil eder.<\/p>\n<p>Kullan\u0131c\u0131 verilerinin i\u015flenmesine ili\u015fkin daha fazla bilgiyi \u015fu adreste Google&#8217;\u0131n veri koruma beyan\u0131nda bulabilirsiniz:&nbsp;<a href=\"https:\/\/www.google.de\/intl\/de\/policies\/privacy\/\">https:\/\/www.google.de\/intl\/de\/policies\/privacy\/<\/a>.<\/p>\n<h2>10. \u00d6deme hizmeti sunucular\u0131<\/h2>\n<h3>PayPal<\/h3>\n<p>Bu web sitesinde di\u011ferlerinin yan\u0131 s\u0131ra PayPal \u00f6deme hizmetini sunmaktay\u0131z. Bu \u00f6deme hizmetinin sunucusu PayPal (Europe) S.\u00e0.r.l. et Cie, S.C.A., 22-24 Boulevard Royal, L-2449 L\u00fcksemburg (bundan sonra &#8220;PayPal&#8221; olarak an\u0131lacakt\u0131r).<\/p>\n<p>PayPal \u00fczerinden \u00f6deme se\u00e7ene\u011fini se\u00e7erseniz verdi\u011finiz \u00f6deme bilgileri PayPal&#8217;e aktar\u0131l\u0131r.<\/p>\n<p>Verilerinizin PayPal&#8217;e aktar\u0131m\u0131 GVKT&#8217;nin, 6. maddesinin, 1. f\u0131kras\u0131n\u0131n, a bendine (onay) ve GVKT&#8217;nin, 6. maddesinin, 1. f\u0131kras\u0131n\u0131n, b bendine (s\u00f6zle\u015fmenin ger\u00e7ekle\u015ftirilmesi i\u00e7in i\u015fleme faaliyetleri) dayanarak ger\u00e7ekle\u015ftirilir. Veri i\u015fleme faaliyetleri i\u00e7in vermi\u015f oldu\u011funuz onay\u0131 istedi\u011finiz zaman iptal etme imkan\u0131na sahipsiniz. \u0130ptal i\u015flemi, ge\u00e7mi\u015fte ger\u00e7ekle\u015ftirilen veri i\u015fleme s\u00fcre\u00e7lerinin ge\u00e7erlili\u011fini etkilemez.<\/p>\n<h3>Klarna<\/h3>\n<p>Bu web sitesinde di\u011ferlerinin yan\u0131 s\u0131ra Klarna \u00f6deme hizmeti ile \u00f6deme imkan\u0131 sunmaktay\u0131z. Sunucu Klarna AB, Sveav\u00e4gen 46, 111 34 Stockholm, \u0130sve\u00e7&#8217;tir. (bundan sonra &#8220;Klarna&#8221; olarak an\u0131lacakt\u0131r).<\/p>\n<p>Klarna farkl\u0131 \u00f6deme se\u00e7enekleri sunar (\u00f6r. taksitli \u00f6deme). Klarna (Klarna-Checkout \u00e7\u00f6z\u00fcm\u00fc) \u00fczerinden \u00f6deme se\u00e7ene\u011fini se\u00e7erseniz Klarna sizin hakk\u0131n\u0131zda \u00e7e\u015fitli ki\u015fisel bilgiler toplar. Bu konuya ili\u015fkin ayr\u0131nt\u0131lar\u0131 a\u015fa\u011f\u0131daki linkte yer alan Klarna veri koruma beyan\u0131nda bulabilirsiniz.&nbsp;<a href=\"https:\/\/www.klarna.com\/de\/datenschutz\/\">https:\/\/www.klarna.com\/de\/datenschutz\/<\/a>.<\/p>\n<p>Klarna, Klarna-Checkout \u00e7\u00f6z\u00fcm\u00fcn\u00fc optimize etmek i\u00e7in \u00e7erezler kullan\u0131r. Checkout \u00e7\u00f6z\u00fcm\u00fcn\u00fcn optimize edilmesi GVKT madde 6, f\u0131kra 1, bent f uyar\u0131nca me\u015fru bir menfaat te\u015fkil eder. \u00c7erezler terminalinizde kaydedilen ve herhangi bir hasara yol a\u00e7mayan k\u00fc\u00e7\u00fck metin dosyalar\u0131d\u0131r. \u00c7erezler siz bunlar\u0131 silene kadar terminalinizde kal\u0131r. Klarna \u00e7erezlerinin kullan\u0131m\u0131na ili\u015fkin ayr\u0131nt\u0131lar\u0131 a\u015fa\u011f\u0131daki linkte bulabilirsiniz:&nbsp;<a href=\"https:\/\/cdn.klarna.com\/1.0\/shared\/content\/policy\/cookie\/de_de\/checkout.pdf\">https:\/\/cdn.klarna.com\/1.0\/shared\/content\/policy\/cookie\/de_de\/checkout.pdf<\/a>.<\/p>\n<p>Verilerinizin Klarna&#8217;ya aktar\u0131m\u0131 GVKT&#8217;nin, 6. maddesinin, 1. f\u0131kras\u0131n\u0131n, a bendine (onay) ve GVKT&#8217;nin, 6. maddesinin, 1. f\u0131kras\u0131n\u0131n, b bendine (s\u00f6zle\u015fmenin ger\u00e7ekle\u015ftirilmesi i\u00e7in i\u015fleme faaliyetleri) dayanarak ger\u00e7ekle\u015ftirilir. Veri i\u015fleme faaliyetleri i\u00e7in vermi\u015f oldu\u011funuz onay\u0131 istedi\u011finiz zaman iptal etme imkan\u0131na sahipsiniz. \u0130ptal i\u015flemi, ge\u00e7mi\u015fte ger\u00e7ekle\u015ftirilen veri i\u015fleme s\u00fcre\u00e7lerinin ge\u00e7erlili\u011fini etkilemez.<\/p>\n<h3>Sofort\u00fcberweisung<\/h3>\n<p>Web sitemizde di\u011ferlerinin yan\u0131 s\u0131ra &#8220;Sofort\u00fcberweisung&#8221; yoluyla \u00f6deme hizmetini sunmaktay\u0131z. Bu \u00f6deme hizmetinin sunucusu Sofort GmbH, Theresienh\u00f6he 12, 80339 M\u00fcnih&#8217;dir (bundan sonra &#8220;Sofort GmbH&#8221; olarak an\u0131lacakt\u0131r).<\/p>\n<p>&#8220;Sofort\u00fcberweisung&#8221; y\u00f6ntemi sayesinde Sofort GmbH&#8217;dan ger\u00e7ek zamanl\u0131 olarak \u00f6deme onay\u0131 alabilmekte ve derhal y\u00fck\u00fcml\u00fcl\u00fcklerimizi yerine getirmeye ba\u015flayabilmekteyiz.<\/p>\n<p>&#8220;Sofort\u00fcberweisung&#8221; y\u00f6ntemi ile \u00f6deme yapmaya karar verirseniz, Sofort GmbH&#8217;ya \u00e7evrim i\u00e7i bankac\u0131l\u0131k hesab\u0131na giri\u015f yapabilmesi i\u00e7in PIN ve ge\u00e7erli TAN bilgilerini aktarman\u0131z gerekir. Daha sonra Sofort GmbH giri\u015f yapt\u0131ktan sonra otomatik olarak hesap durumunuzu kontrol eder ve sizin taraf\u0131n\u0131zdan verilen TAN yard\u0131m\u0131yla bize yap\u0131lacak havaleyi ger\u00e7ekle\u015ftirir. Ard\u0131ndan bize derhal transaksiyon onay\u0131 g\u00f6nderir. Ayr\u0131ca giri\u015f yap\u0131ld\u0131ktan sonra cirolar\u0131n\u0131z, dispo kredisi \u00e7er\u00e7evesinde ald\u0131\u011f\u0131n\u0131z krediler ve mevcut olan di\u011fer hesaplar ve bunlar\u0131n bakiyeleri otomatik olarak kontrol edilir.<\/p>\n<p>PIN ve TAN bilgilerinin yan\u0131 s\u0131ra girdi\u011finiz \u00f6deme verileri ve ki\u015fisel verileriniz de Sofort GmbH&#8217;ye aktar\u0131l\u0131r. Ki\u015fisel verileriniz isim ve soy isminiz, adresiniz, telefon numaran\u0131z (numaralar\u0131n\u0131z), e-o\u0131sta adresiniz, IP adresiniz ve gerekirse \u00f6deme i\u015flemi i\u00e7in gerekli di\u011fer verilerdir. Bu verilerin aktar\u0131lmas\u0131 kimli\u011finizi \u015f\u00fcphe kalmayacak \u015fekilde teyit etmek ve doland\u0131r\u0131c\u0131l\u0131k giri\u015fimlerini \u00f6nlemek i\u00e7in gereklidir.<\/p>\n<p>Verilerinizin Sofort GmbH&#8217;ya aktar\u0131m\u0131 GVKT&#8217;nin, 6. maddesinin, 1. f\u0131kras\u0131n\u0131n, a bendine (onay) ve GVKT&#8217;nin, 6. maddesinin, 1. f\u0131kras\u0131n\u0131n, b bendine (s\u00f6zle\u015fmenin ger\u00e7ekle\u015ftirilmesi i\u00e7in i\u015fleme faaliyetleri) dayanarak ger\u00e7ekle\u015ftirilir. Veri i\u015fleme faaliyetleri i\u00e7in vermi\u015f oldu\u011funuz onay\u0131 istedi\u011finiz zaman iptal etme imkan\u0131na sahipsiniz. \u0130ptal i\u015flemi, ge\u00e7mi\u015fte ger\u00e7ekle\u015ftirilen veri i\u015fleme s\u00fcre\u00e7lerinin ge\u00e7erlili\u011fini etkilemez.<\/p>\n<p>Sofort GmbH ile \u00f6demeye ili\u015fkin ayr\u0131nt\u0131lar\u0131 a\u015fa\u011f\u0131daki linkte bulabilirsiniz:&nbsp;<a href=\"https:\/\/www.sofort.de\/datenschutz.html\">https:\/\/www.sofort.de\/datenschutz.html<\/a>&nbsp;und&nbsp;<a href=\"https:\/\/www.klarna.com\/sofort\/\">https:\/\/www.klarna.com\/sofort\/<\/a>.<\/p>\n<h3>Paydirekt<\/h3>\n<p>Web sitemizde di\u011ferlerinin yan\u0131 s\u0131ra &#8220;Paydirekt&#8221; yoluyla \u00f6deme hizmetini sunmaktay\u0131z. Bu \u00f6deme hizmetinin sunucusu Paydirekt GmbH, Hamburger Allee 26-28, 60486 Frankfurt am Main, Almanya&#8217;d\u0131r (bundan sonra &#8220;Paydirekt&#8221; olarak an\u0131lacakt\u0131r).<\/p>\n<p>\u00d6deme i\u015flemini Paydirekt ile ger\u00e7ekle\u015ftirdi\u011finizde Payridrekt \u00e7e\u015fitli transaksiyon verileri toplar ve bunlar\u0131 Paydirekt ile kay\u0131tl\u0131 oldu\u011funuz bankaya iletir. \u00d6deme i\u00e7in gerekli olan verilerin yan\u0131 s\u0131ra Paydirekt transaksiyonun ger\u00e7ekle\u015ftirilmesi \u00e7er\u00e7evesinde gerekirse teslimat adresi veya \u00fcr\u00fcn sepetinde m\u00fcnferit pozisyonlar gibi ba\u015fka veriler de toplar.<\/p>\n<p>Ard\u0131ndan Paydirekt transaksiyonu bankaya bunun i\u00e7in verilmi\u015f olan yetkilendirme metoduyla ge\u00e7erli k\u0131lar. Daha sonra \u00f6denecek mebla\u011f hesab\u0131n\u0131zdan bizim hesab\u0131m\u0131za havale edilir. Ne biz ne de \u00fc\u00e7\u00fcnc\u00fc bir taraf hesap verilerinize eri\u015femez.<\/p>\n<p>Paydirekt&nbsp; ile \u00f6demeye ili\u015fkin Genel \u00c7al\u0131\u015fma \u015eartlar\u0131n\u0131 ve veri koruma h\u00fck\u00fcmlerini Paydirekt&#8217;in a\u015fa\u011f\u0131daki linkinde bulabilirsiniz:&nbsp;<a href=\"https:\/\/www.paydirekt.de\/agb\/index.html\">https:\/\/www.paydirekt.de\/agb\/index.html<\/a>.<\/p>\n","protected":false},"excerpt":{"rendered":"<p>1. Bir bak\u0131\u015fta veri g\u00fcvenli\u011fi Genel a\u00e7\u0131klamalar A\u015fa\u011f\u0131daki a\u00e7\u0131klamalar, web sitemizi ziyaret etti\u011finizde ki\u015fisel verilerinizle ne yap\u0131ld\u0131\u011f\u0131na ili\u015fkin genel bir bak\u0131\u015f sunar. Ki\u015fisel veriler, sizin ki\u015fisel olarak tan\u0131mlanman\u0131z\u0131 sa\u011flayacak t\u00fcm verilerdir. Veri korumaya ili\u015fkin ayr\u0131nt\u0131l\u0131 bilgileri bu metnin alt\u0131nda yer alan veri koruma beyan\u0131nda bulabilirsiniz. Web sitemizde verilerin toplanmas\u0131 Bu web sitesinde verilerin toplanmas\u0131ndan sorumlu [&hellip;]<\/p>\n","protected":false},"author":1,"featured_media":0,"parent":0,"menu_order":0,"comment_status":"closed","ping_status":"closed","template":"","meta":{"ngg_post_thumbnail":0},"_links":{"self":[{"href":"https:\/\/www.igmg.org\/tr\/wp-json\/wp\/v2\/pages\/31435"}],"collection":[{"href":"https:\/\/www.igmg.org\/tr\/wp-json\/wp\/v2\/pages"}],"about":[{"href":"https:\/\/www.igmg.org\/tr\/wp-json\/wp\/v2\/types\/page"}],"author":[{"embeddable":true,"href":"https:\/\/www.igmg.org\/tr\/wp-json\/wp\/v2\/users\/1"}],"replies":[{"embeddable":true,"href":"https:\/\/www.igmg.org\/tr\/wp-json\/wp\/v2\/comments?post=31435"}],"version-history":[{"count":7,"href":"https:\/\/www.igmg.org\/tr\/wp-json\/wp\/v2\/pages\/31435\/revisions"}],"predecessor-version":[{"id":41045,"href":"https:\/\/www.igmg.org\/tr\/wp-json\/wp\/v2\/pages\/31435\/revisions\/41045"}],"wp:attachment":[{"href":"https:\/\/www.igmg.org\/tr\/wp-json\/wp\/v2\/media?parent=31435"}],"curies":[{"name":"wp","href":"https:\/\/api.w.org\/{rel}","templated":true}]}}